{"id":51,"date":"2014-10-01T20:59:20","date_gmt":"2014-10-01T18:59:20","guid":{"rendered":"http:\/\/silberschmiede-buecken.de\/wordpress\/?page_id=51"},"modified":"2020-11-06T13:59:18","modified_gmt":"2020-11-06T11:59:18","slug":"objektdesign","status":"publish","type":"page","link":"https:\/\/www.silberschmiede-buecken.de\/wordpress\/objektdesign\/","title":{"rendered":"OBJEKTDESIGN"},"content":{"rendered":"<div class=\"foogallery foogallery-container foogallery-masonry foogallery-lightbox-foobox fg-center fg-masonry fg-light fg-loading-default fg-loaded-fade-in fg-captions-bottom fg-hover-fade fg-hover-plus fg-ready fg-col3\" id=\"foogallery-gallery-238\" data-foogallery=\"{&quot;item&quot;:{&quot;showCaptionTitle&quot;:false,&quot;showCaptionDescription&quot;:true},&quot;lazy&quot;:true}\" >\r\n\t\t<div class=\"fg-column-width\"><\/div>\r\n\t<div class=\"fg-gutter-width\"><\/div>\r\n\t\t<div class=\"fg-item fg-type-image fg-idle\"><figure class=\"fg-item-inner\"><a href=\"https:\/\/www.silberschmiede-buecken.de\/wordpress\/wp-content\/uploads\/2020\/11\/O-01-Ratssilberteller-der-Stadt-Aachen-Silber-925.jpg\" data-caption-title=\"Ratssilberteller der Stadt Aachen, Silber 925\" data-attachment-id=\"240\" class=\"fg-thumb\"><span class=\"fg-image-wrap\"><img alt=\"O-01\" title=\"Ratssilberteller der Stadt Aachen, Silber 925\" width=\"250\" height=\"246\" class=\"skip-lazy fg-image\" data-src-fg=\"https:\/\/www.silberschmiede-buecken.de\/wordpress\/wp-content\/uploads\/cache\/2020\/11\/O-01-Ratssilberteller-der-Stadt-Aachen-Silber-925\/1551724242.jpg\" src=\"data:image\/svg+xml,%3Csvg%20xmlns%3D%22http%3A%2F%2Fwww.w3.org%2F2000%2Fsvg%22%20width%3D%22250%22%20height%3D%22246%22%20viewBox%3D%220%200%20250%20246%22%3E%3C%2Fsvg%3E\" loading=\"eager\"><\/span><span class=\"fg-image-overlay\"><\/span><\/a><\/figure><div class=\"fg-loader\"><\/div><\/div><div class=\"fg-item fg-type-image fg-idle\"><figure class=\"fg-item-inner\"><a href=\"https:\/\/www.silberschmiede-buecken.de\/wordpress\/wp-content\/uploads\/2020\/11\/O-02-Ratssilberbecher-der-Stadt-Aachen-Silber-925-vergoldet.jpg\" data-caption-title=\"Ratssilberbecher der Stadt Aachen, Silber 925, vergoldet\" data-attachment-id=\"241\" class=\"fg-thumb\"><span class=\"fg-image-wrap\"><img alt=\"O-02\" title=\"Ratssilberbecher der Stadt Aachen, Silber 925, vergoldet\" width=\"250\" height=\"377\" class=\"skip-lazy fg-image\" data-src-fg=\"https:\/\/www.silberschmiede-buecken.de\/wordpress\/wp-content\/uploads\/cache\/2020\/11\/O-02-Ratssilberbecher-der-Stadt-Aachen-Silber-925-vergoldet\/66393088.jpg\" src=\"data:image\/svg+xml,%3Csvg%20xmlns%3D%22http%3A%2F%2Fwww.w3.org%2F2000%2Fsvg%22%20width%3D%22250%22%20height%3D%22377%22%20viewBox%3D%220%200%20250%20377%22%3E%3C%2Fsvg%3E\" loading=\"eager\"><\/span><span class=\"fg-image-overlay\"><\/span><\/a><\/figure><div class=\"fg-loader\"><\/div><\/div><div class=\"fg-item fg-type-image fg-idle\"><figure class=\"fg-item-inner\"><a href=\"https:\/\/www.silberschmiede-buecken.de\/wordpress\/wp-content\/uploads\/2020\/11\/O-03-Reisl\u00f6ffel-Bronze-getrieben-und-vergoldet.jpg\" data-caption-title=\"Reisl\u00f6ffel, Bronze getrieben und vergoldet\" data-attachment-id=\"242\" class=\"fg-thumb\"><span class=\"fg-image-wrap\"><img alt=\"O-03\" title=\"Reisl\u00f6ffel, Bronze getrieben und vergoldet\" width=\"250\" height=\"333\" class=\"skip-lazy fg-image\" data-src-fg=\"https:\/\/www.silberschmiede-buecken.de\/wordpress\/wp-content\/uploads\/cache\/2020\/11\/O-03-Reisl\u00f6ffel-Bronze-getrieben-und-vergoldet\/4033471840.jpg\" src=\"data:image\/svg+xml,%3Csvg%20xmlns%3D%22http%3A%2F%2Fwww.w3.org%2F2000%2Fsvg%22%20width%3D%22250%22%20height%3D%22333%22%20viewBox%3D%220%200%20250%20333%22%3E%3C%2Fsvg%3E\" loading=\"eager\"><\/span><span class=\"fg-image-overlay\"><\/span><\/a><\/figure><div class=\"fg-loader\"><\/div><\/div><div class=\"fg-item fg-type-image fg-idle\"><figure class=\"fg-item-inner\"><a href=\"https:\/\/www.silberschmiede-buecken.de\/wordpress\/wp-content\/uploads\/2020\/11\/O-04-Salatbesteck-Ginko-Silber-925-mit-Bambus.jpg\" data-caption-title=\"Salatbesteck Ginko, Silber 925 mit Bambus\" data-attachment-id=\"243\" class=\"fg-thumb\"><span class=\"fg-image-wrap\"><img alt=\"O-04\" title=\"Salatbesteck Ginko, Silber 925 mit Bambus\" width=\"250\" height=\"365\" class=\"skip-lazy fg-image\" data-src-fg=\"https:\/\/www.silberschmiede-buecken.de\/wordpress\/wp-content\/uploads\/cache\/2020\/11\/O-04-Salatbesteck-Ginko-Silber-925-mit-Bambus\/2592803169.jpg\" src=\"data:image\/svg+xml,%3Csvg%20xmlns%3D%22http%3A%2F%2Fwww.w3.org%2F2000%2Fsvg%22%20width%3D%22250%22%20height%3D%22365%22%20viewBox%3D%220%200%20250%20365%22%3E%3C%2Fsvg%3E\" loading=\"eager\"><\/span><span class=\"fg-image-overlay\"><\/span><\/a><\/figure><div class=\"fg-loader\"><\/div><\/div><div class=\"fg-item fg-type-image fg-idle\"><figure class=\"fg-item-inner\"><a href=\"https:\/\/www.silberschmiede-buecken.de\/wordpress\/wp-content\/uploads\/2020\/11\/O-05-Schalenobjekt-in-Messing-getrieben-versilbert-und-patiniert.jpg\" data-caption-title=\"Schalenobjekt in Messing getrieben, versilbert und patiniert\" data-attachment-id=\"244\" class=\"fg-thumb\"><span class=\"fg-image-wrap\"><img alt=\"O-05\" title=\"Schalenobjekt in Messing getrieben, versilbert und patiniert\" width=\"250\" height=\"207\" class=\"skip-lazy fg-image\" data-src-fg=\"https:\/\/www.silberschmiede-buecken.de\/wordpress\/wp-content\/uploads\/cache\/2020\/11\/O-05-Schalenobjekt-in-Messing-getrieben-versilbert-und-patiniert\/74534883.jpg\" src=\"data:image\/svg+xml,%3Csvg%20xmlns%3D%22http%3A%2F%2Fwww.w3.org%2F2000%2Fsvg%22%20width%3D%22250%22%20height%3D%22207%22%20viewBox%3D%220%200%20250%20207%22%3E%3C%2Fsvg%3E\" loading=\"eager\"><\/span><span class=\"fg-image-overlay\"><\/span><\/a><\/figure><div class=\"fg-loader\"><\/div><\/div><div class=\"fg-item fg-type-image fg-idle\"><figure class=\"fg-item-inner\"><a href=\"https:\/\/www.silberschmiede-buecken.de\/wordpress\/wp-content\/uploads\/2020\/11\/O-06-Parf\u00fcmflakon-Silber-925-mit-Flusskiesel.jpg\" data-caption-title=\"Parf\u00fcmflakon, Silber 925 mit Flusskiesel\" data-attachment-id=\"245\" class=\"fg-thumb\"><span class=\"fg-image-wrap\"><img alt=\"O-06\" title=\"Parf\u00fcmflakon, Silber 925 mit Flusskiesel\" width=\"250\" height=\"315\" class=\"skip-lazy fg-image\" data-src-fg=\"https:\/\/www.silberschmiede-buecken.de\/wordpress\/wp-content\/uploads\/cache\/2020\/11\/O-06-Parf\u00fcmflakon-Silber-925-mit-Flusskiesel\/4090316674.jpg\" src=\"data:image\/svg+xml,%3Csvg%20xmlns%3D%22http%3A%2F%2Fwww.w3.org%2F2000%2Fsvg%22%20width%3D%22250%22%20height%3D%22315%22%20viewBox%3D%220%200%20250%20315%22%3E%3C%2Fsvg%3E\" loading=\"eager\"><\/span><span class=\"fg-image-overlay\"><\/span><\/a><\/figure><div class=\"fg-loader\"><\/div><\/div><div class=\"fg-item fg-type-image fg-idle\"><figure class=\"fg-item-inner\"><a href=\"https:\/\/www.silberschmiede-buecken.de\/wordpress\/wp-content\/uploads\/2020\/11\/O-07-Korbschale-Messing-getrieben-Wei\u00dfbronze-beschichtet.jpg\" data-caption-title=\"Korbschale, Messing getrieben, Wei\u00dfbronze beschichtet\" data-attachment-id=\"246\" class=\"fg-thumb\"><span class=\"fg-image-wrap\"><img alt=\"O-07\" title=\"Korbschale, Messing getrieben, Wei\u00dfbronze beschichtet\" width=\"250\" height=\"210\" class=\"skip-lazy fg-image\" data-src-fg=\"https:\/\/www.silberschmiede-buecken.de\/wordpress\/wp-content\/uploads\/cache\/2020\/11\/O-07-Korbschale-Messing-getrieben-Wei\u00dfbronze-beschichtet\/426865800.jpg\" src=\"data:image\/svg+xml,%3Csvg%20xmlns%3D%22http%3A%2F%2Fwww.w3.org%2F2000%2Fsvg%22%20width%3D%22250%22%20height%3D%22210%22%20viewBox%3D%220%200%20250%20210%22%3E%3C%2Fsvg%3E\" loading=\"eager\"><\/span><span class=\"fg-image-overlay\"><\/span><\/a><\/figure><div class=\"fg-loader\"><\/div><\/div><div class=\"fg-item fg-type-image fg-idle\"><figure class=\"fg-item-inner\"><a href=\"https:\/\/www.silberschmiede-buecken.de\/wordpress\/wp-content\/uploads\/2020\/11\/O-08-Grapefruitl\u00f6ffel-in-Silber-925-geschmiedet-.jpg\" data-caption-title=\"Grapefruitl\u00f6ffel, in Silber 925 geschmiedet\" data-attachment-id=\"247\" class=\"fg-thumb\"><span class=\"fg-image-wrap\"><img alt=\"O-08\" title=\"Grapefruitl\u00f6ffel, in Silber 925 geschmiedet\" width=\"250\" height=\"94\" class=\"skip-lazy fg-image\" data-src-fg=\"https:\/\/www.silberschmiede-buecken.de\/wordpress\/wp-content\/uploads\/cache\/2020\/11\/O-08-Grapefruitl\u00f6ffel-in-Silber-925-geschmiedet-\/3845758132.jpg\" src=\"data:image\/svg+xml,%3Csvg%20xmlns%3D%22http%3A%2F%2Fwww.w3.org%2F2000%2Fsvg%22%20width%3D%22250%22%20height%3D%2294%22%20viewBox%3D%220%200%20250%2094%22%3E%3C%2Fsvg%3E\" loading=\"eager\"><\/span><span class=\"fg-image-overlay\"><\/span><\/a><\/figure><div class=\"fg-loader\"><\/div><\/div><div class=\"fg-item fg-type-image fg-idle\"><figure class=\"fg-item-inner\"><a href=\"https:\/\/www.silberschmiede-buecken.de\/wordpress\/wp-content\/uploads\/2020\/11\/O-09-Salzschale-Silber-925-und-Mooreiche.jpg\" data-caption-title=\"Salzschale, Silber 925 und Mooreiche\" data-attachment-id=\"248\" class=\"fg-thumb\"><span class=\"fg-image-wrap\"><img alt=\"O-09\" title=\"Salzschale, Silber 925 und Mooreiche\" width=\"250\" height=\"371\" class=\"skip-lazy fg-image\" data-src-fg=\"https:\/\/www.silberschmiede-buecken.de\/wordpress\/wp-content\/uploads\/cache\/2020\/11\/O-09-Salzschale-Silber-925-und-Mooreiche\/2418181881.jpg\" src=\"data:image\/svg+xml,%3Csvg%20xmlns%3D%22http%3A%2F%2Fwww.w3.org%2F2000%2Fsvg%22%20width%3D%22250%22%20height%3D%22371%22%20viewBox%3D%220%200%20250%20371%22%3E%3C%2Fsvg%3E\" loading=\"eager\"><\/span><span class=\"fg-image-overlay\"><\/span><\/a><\/figure><div class=\"fg-loader\"><\/div><\/div><div class=\"fg-item fg-type-image fg-idle\"><figure class=\"fg-item-inner\"><a href=\"https:\/\/www.silberschmiede-buecken.de\/wordpress\/wp-content\/uploads\/2020\/11\/O-10-Salzschale-Silber-925-und-Mooreiche-.jpg\" data-caption-title=\"Salzschale, Silber 925 und Mooreiche\" data-attachment-id=\"249\" class=\"fg-thumb\"><span class=\"fg-image-wrap\"><img alt=\"O-10\" title=\"Salzschale, Silber 925 und Mooreiche\" width=\"250\" height=\"255\" class=\"skip-lazy fg-image\" data-src-fg=\"https:\/\/www.silberschmiede-buecken.de\/wordpress\/wp-content\/uploads\/cache\/2020\/11\/O-10-Salzschale-Silber-925-und-Mooreiche-\/4292487851.jpg\" src=\"data:image\/svg+xml,%3Csvg%20xmlns%3D%22http%3A%2F%2Fwww.w3.org%2F2000%2Fsvg%22%20width%3D%22250%22%20height%3D%22255%22%20viewBox%3D%220%200%20250%20255%22%3E%3C%2Fsvg%3E\" loading=\"eager\"><\/span><span class=\"fg-image-overlay\"><\/span><\/a><\/figure><div class=\"fg-loader\"><\/div><\/div><div class=\"fg-item fg-type-image fg-idle\"><figure class=\"fg-item-inner\"><a href=\"https:\/\/www.silberschmiede-buecken.de\/wordpress\/wp-content\/uploads\/2020\/11\/O-11-Schale-Messing-ge\u00e4tzt-und-Wei\u00dfbronze-beschichtet.jpg\" data-caption-title=\"Schale, Messing ge\u00e4tzt und Wei\u00dfbronze beschichtet\" data-attachment-id=\"250\" class=\"fg-thumb\"><span class=\"fg-image-wrap\"><img alt=\"O-11\" title=\"Schale, Messing ge\u00e4tzt und Wei\u00dfbronze beschichtet\" width=\"250\" height=\"240\" class=\"skip-lazy fg-image\" data-src-fg=\"https:\/\/www.silberschmiede-buecken.de\/wordpress\/wp-content\/uploads\/cache\/2020\/11\/O-11-Schale-Messing-ge\u00e4tzt-und-Wei\u00dfbronze-beschichtet\/3401682051.jpg\" src=\"data:image\/svg+xml,%3Csvg%20xmlns%3D%22http%3A%2F%2Fwww.w3.org%2F2000%2Fsvg%22%20width%3D%22250%22%20height%3D%22240%22%20viewBox%3D%220%200%20250%20240%22%3E%3C%2Fsvg%3E\" loading=\"eager\"><\/span><span class=\"fg-image-overlay\"><\/span><\/a><\/figure><div class=\"fg-loader\"><\/div><\/div><div class=\"fg-item fg-type-image fg-idle\"><figure class=\"fg-item-inner\"><a href=\"https:\/\/www.silberschmiede-buecken.de\/wordpress\/wp-content\/uploads\/2020\/11\/O-12-Sch\u00fctzenkaiserkette-Silber-925-vergoldet-Weiden.jpg\" data-caption-title=\"O-12- Sch\u00fctzenkaiserkette, Silber 925, vergoldet, Weiden\" data-attachment-id=\"251\" class=\"fg-thumb\"><span class=\"fg-image-wrap\"><img alt=\"O-12\" title=\"O-12- Sch\u00fctzenkaiserkette, Silber 925, vergoldet, Weiden\" width=\"250\" height=\"345\" class=\"skip-lazy fg-image\" data-src-fg=\"https:\/\/www.silberschmiede-buecken.de\/wordpress\/wp-content\/uploads\/cache\/2020\/11\/O-12-Sch\u00fctzenkaiserkette-Silber-925-vergoldet-Weiden\/2555587731.jpg\" src=\"data:image\/svg+xml,%3Csvg%20xmlns%3D%22http%3A%2F%2Fwww.w3.org%2F2000%2Fsvg%22%20width%3D%22250%22%20height%3D%22345%22%20viewBox%3D%220%200%20250%20345%22%3E%3C%2Fsvg%3E\" loading=\"eager\"><\/span><span class=\"fg-image-overlay\"><\/span><\/a><\/figure><div class=\"fg-loader\"><\/div><\/div><div class=\"fg-item fg-type-image fg-idle\"><figure class=\"fg-item-inner\"><a href=\"https:\/\/www.silberschmiede-buecken.de\/wordpress\/wp-content\/uploads\/2020\/11\/O-13-L\u00f6ffel-Twins-Silber-925-geschmiedet.jpg\" data-caption-title=\"L\u00f6ffel Twins, Silber 925 geschmiedet\" data-attachment-id=\"252\" class=\"fg-thumb\"><span class=\"fg-image-wrap\"><img alt=\"O-13\" title=\"L\u00f6ffel Twins, Silber 925 geschmiedet\" width=\"250\" height=\"97\" class=\"skip-lazy fg-image\" data-src-fg=\"https:\/\/www.silberschmiede-buecken.de\/wordpress\/wp-content\/uploads\/cache\/2020\/11\/O-13-L\u00f6ffel-Twins-Silber-925-geschmiedet\/1300072209.jpg\" src=\"data:image\/svg+xml,%3Csvg%20xmlns%3D%22http%3A%2F%2Fwww.w3.org%2F2000%2Fsvg%22%20width%3D%22250%22%20height%3D%2297%22%20viewBox%3D%220%200%20250%2097%22%3E%3C%2Fsvg%3E\" loading=\"eager\"><\/span><span class=\"fg-image-overlay\"><\/span><\/a><\/figure><div class=\"fg-loader\"><\/div><\/div><div class=\"fg-item fg-type-image fg-idle\"><figure class=\"fg-item-inner\"><a href=\"https:\/\/www.silberschmiede-buecken.de\/wordpress\/wp-content\/uploads\/2020\/11\/O-14-Sch\u00fctzenkaiserkette-Silber-925-ziseliert-Merkstein.jpg\" data-caption-title=\"Sch\u00fctzenkaiserkette, Silber 925 ziseliert, Merkstein\" data-attachment-id=\"253\" class=\"fg-thumb\"><span class=\"fg-image-wrap\"><img alt=\"O-14\" title=\"Sch\u00fctzenkaiserkette, Silber 925 ziseliert, Merkstein\" width=\"250\" height=\"355\" class=\"skip-lazy fg-image\" data-src-fg=\"https:\/\/www.silberschmiede-buecken.de\/wordpress\/wp-content\/uploads\/cache\/2020\/11\/O-14-Sch\u00fctzenkaiserkette-Silber-925-ziseliert-Merkstein\/2292981819.jpg\" src=\"data:image\/svg+xml,%3Csvg%20xmlns%3D%22http%3A%2F%2Fwww.w3.org%2F2000%2Fsvg%22%20width%3D%22250%22%20height%3D%22355%22%20viewBox%3D%220%200%20250%20355%22%3E%3C%2Fsvg%3E\" loading=\"eager\"><\/span><span class=\"fg-image-overlay\"><\/span><\/a><\/figure><div class=\"fg-loader\"><\/div><\/div><div class=\"fg-item fg-type-image fg-idle\"><figure class=\"fg-item-inner\"><a href=\"https:\/\/www.silberschmiede-buecken.de\/wordpress\/wp-content\/uploads\/2020\/11\/O-15-Zuckerl\u00f6ffel-Silber-925-.jpg\" data-caption-title=\"Zuckerl\u00f6ffel, Silber 925\" data-attachment-id=\"254\" class=\"fg-thumb\"><span class=\"fg-image-wrap\"><img alt=\"O-15\" title=\"Zuckerl\u00f6ffel, Silber 925\" width=\"250\" height=\"153\" class=\"skip-lazy fg-image\" data-src-fg=\"https:\/\/www.silberschmiede-buecken.de\/wordpress\/wp-content\/uploads\/cache\/2020\/11\/O-15-Zuckerl\u00f6ffel-Silber-925-\/553063515.jpg\" src=\"data:image\/svg+xml,%3Csvg%20xmlns%3D%22http%3A%2F%2Fwww.w3.org%2F2000%2Fsvg%22%20width%3D%22250%22%20height%3D%22153%22%20viewBox%3D%220%200%20250%20153%22%3E%3C%2Fsvg%3E\" loading=\"eager\"><\/span><span class=\"fg-image-overlay\"><\/span><\/a><\/figure><div class=\"fg-loader\"><\/div><\/div><div class=\"fg-item fg-type-image fg-idle\"><figure class=\"fg-item-inner\"><a href=\"https:\/\/www.silberschmiede-buecken.de\/wordpress\/wp-content\/uploads\/2020\/11\/O-16-Objekt-Cyclop-Silber-925-Achatdruse.jpg\" data-caption-title=\"Objekt Cyclop, Silber 925, Achatdruse\" data-attachment-id=\"255\" class=\"fg-thumb\"><span class=\"fg-image-wrap\"><img alt=\"O-16\" title=\"Objekt Cyclop, Silber 925, Achatdruse\" width=\"250\" height=\"233\" class=\"skip-lazy fg-image\" data-src-fg=\"https:\/\/www.silberschmiede-buecken.de\/wordpress\/wp-content\/uploads\/cache\/2020\/11\/O-16-Objekt-Cyclop-Silber-925-Achatdruse\/3318219340.jpg\" src=\"data:image\/svg+xml,%3Csvg%20xmlns%3D%22http%3A%2F%2Fwww.w3.org%2F2000%2Fsvg%22%20width%3D%22250%22%20height%3D%22233%22%20viewBox%3D%220%200%20250%20233%22%3E%3C%2Fsvg%3E\" loading=\"eager\"><\/span><span class=\"fg-image-overlay\"><\/span><\/a><\/figure><div class=\"fg-loader\"><\/div><\/div><div class=\"fg-item fg-type-image fg-idle\"><figure class=\"fg-item-inner\"><a href=\"https:\/\/www.silberschmiede-buecken.de\/wordpress\/wp-content\/uploads\/2020\/11\/O-17-Vorlegel\u00f6ffel-Silber-925-mit-S\u00fc\u00dfwassermuschel-.jpg\" data-caption-title=\"Vorlegel\u00f6ffel, Silber 925 mit S\u00fc\u00dfwassermuschel\" data-attachment-id=\"256\" class=\"fg-thumb\"><span class=\"fg-image-wrap\"><img alt=\"O-17\" title=\"Vorlegel\u00f6ffel, Silber 925 mit S\u00fc\u00dfwassermuschel\" width=\"250\" height=\"111\" class=\"skip-lazy fg-image\" data-src-fg=\"https:\/\/www.silberschmiede-buecken.de\/wordpress\/wp-content\/uploads\/cache\/2020\/11\/O-17-Vorlegel\u00f6ffel-Silber-925-mit-S\u00fc\u00dfwassermuschel-\/1601143261.jpg\" src=\"data:image\/svg+xml,%3Csvg%20xmlns%3D%22http%3A%2F%2Fwww.w3.org%2F2000%2Fsvg%22%20width%3D%22250%22%20height%3D%22111%22%20viewBox%3D%220%200%20250%20111%22%3E%3C%2Fsvg%3E\" loading=\"eager\"><\/span><span class=\"fg-image-overlay\"><\/span><\/a><\/figure><div class=\"fg-loader\"><\/div><\/div><div class=\"fg-item fg-type-image fg-idle\"><figure class=\"fg-item-inner\"><a href=\"https:\/\/www.silberschmiede-buecken.de\/wordpress\/wp-content\/uploads\/2020\/11\/O-18-Baumleuchter.jpg\" data-caption-title=\"Baumleuchter\" data-attachment-id=\"257\" class=\"fg-thumb\"><span class=\"fg-image-wrap\"><img alt=\"O-18\" title=\"Baumleuchter\" width=\"250\" height=\"353\" class=\"skip-lazy fg-image\" data-src-fg=\"https:\/\/www.silberschmiede-buecken.de\/wordpress\/wp-content\/uploads\/cache\/2020\/11\/O-18-Baumleuchter\/2906753084.jpg\" src=\"data:image\/svg+xml,%3Csvg%20xmlns%3D%22http%3A%2F%2Fwww.w3.org%2F2000%2Fsvg%22%20width%3D%22250%22%20height%3D%22353%22%20viewBox%3D%220%200%20250%20353%22%3E%3C%2Fsvg%3E\" loading=\"eager\"><\/span><span class=\"fg-image-overlay\"><\/span><\/a><\/figure><div class=\"fg-loader\"><\/div><\/div><div class=\"fg-item fg-type-image fg-idle\"><figure class=\"fg-item-inner\"><a href=\"https:\/\/www.silberschmiede-buecken.de\/wordpress\/wp-content\/uploads\/2020\/11\/O-19-B\u00fcrgermeisterkette-der-Stadt-Merdingen-Silber-925-mit-Emaille.jpg\" data-caption-title=\"B\u00fcrgermeisterkette der Stadt Merdingen, Silber 925 mit Emaille\" data-attachment-id=\"258\" class=\"fg-thumb\"><span class=\"fg-image-wrap\"><img alt=\"O-19\" title=\"B\u00fcrgermeisterkette der Stadt Merdingen, Silber 925 mit Emaille\" width=\"250\" height=\"371\" class=\"skip-lazy fg-image\" data-src-fg=\"https:\/\/www.silberschmiede-buecken.de\/wordpress\/wp-content\/uploads\/cache\/2020\/11\/O-19-B\u00fcrgermeisterkette-der-Stadt-Merdingen-Silber-925-mit-Emaille\/3748326964.jpg\" src=\"data:image\/svg+xml,%3Csvg%20xmlns%3D%22http%3A%2F%2Fwww.w3.org%2F2000%2Fsvg%22%20width%3D%22250%22%20height%3D%22371%22%20viewBox%3D%220%200%20250%20371%22%3E%3C%2Fsvg%3E\" loading=\"eager\"><\/span><span class=\"fg-image-overlay\"><\/span><\/a><\/figure><div class=\"fg-loader\"><\/div><\/div><div class=\"fg-item fg-type-image fg-idle\"><figure class=\"fg-item-inner\"><a href=\"https:\/\/www.silberschmiede-buecken.de\/wordpress\/wp-content\/uploads\/2020\/11\/O-20-Vorlegel\u00f6ffel-ziselierte-Muschel-Silber-925-mit-Bambus.jpg\" data-caption-title=\"Vorlegel\u00f6ffel, ziselierte Muschel, Silber 925 mit Bambus\" data-attachment-id=\"259\" class=\"fg-thumb\"><span class=\"fg-image-wrap\"><img alt=\"O-20\" title=\"Vorlegel\u00f6ffel, ziselierte Muschel, Silber 925 mit Bambus\" width=\"250\" height=\"324\" class=\"skip-lazy fg-image\" data-src-fg=\"https:\/\/www.silberschmiede-buecken.de\/wordpress\/wp-content\/uploads\/cache\/2020\/11\/O-20-Vorlegel\u00f6ffel-ziselierte-Muschel-Silber-925-mit-Bambus\/3896366767.jpg\" src=\"data:image\/svg+xml,%3Csvg%20xmlns%3D%22http%3A%2F%2Fwww.w3.org%2F2000%2Fsvg%22%20width%3D%22250%22%20height%3D%22324%22%20viewBox%3D%220%200%20250%20324%22%3E%3C%2Fsvg%3E\" loading=\"eager\"><\/span><span class=\"fg-image-overlay\"><\/span><\/a><\/figure><div class=\"fg-loader\"><\/div><\/div><\/div>\n","protected":false},"excerpt":{"rendered":"","protected":false},"author":1,"featured_media":76,"parent":0,"menu_order":3,"comment_status":"closed","ping_status":"closed","template":"","meta":[],"_links":{"self":[{"href":"https:\/\/www.silberschmiede-buecken.de\/wordpress\/wp-json\/wp\/v2\/pages\/51"}],"collection":[{"href":"https:\/\/www.silberschmiede-buecken.de\/wordpress\/wp-json\/wp\/v2\/pages"}],"about":[{"href":"https:\/\/www.silberschmiede-buecken.de\/wordpress\/wp-json\/wp\/v2\/types\/page"}],"author":[{"embeddable":true,"href":"https:\/\/www.silberschmiede-buecken.de\/wordpress\/wp-json\/wp\/v2\/users\/1"}],"replies":[{"embeddable":true,"href":"https:\/\/www.silberschmiede-buecken.de\/wordpress\/wp-json\/wp\/v2\/comments?post=51"}],"version-history":[{"count":5,"href":"https:\/\/www.silberschmiede-buecken.de\/wordpress\/wp-json\/wp\/v2\/pages\/51\/revisions"}],"predecessor-version":[{"id":260,"href":"https:\/\/www.silberschmiede-buecken.de\/wordpress\/wp-json\/wp\/v2\/pages\/51\/revisions\/260"}],"wp:featuredmedia":[{"embeddable":true,"href":"https:\/\/www.silberschmiede-buecken.de\/wordpress\/wp-json\/wp\/v2\/media\/76"}],"wp:attachment":[{"href":"https:\/\/www.silberschmiede-buecken.de\/wordpress\/wp-json\/wp\/v2\/media?parent=51"}],"curies":[{"name":"wp","href":"https:\/\/api.w.org\/{rel}","templated":true}]}}